{"id":319,"date":"2016-02-04T15:04:12","date_gmt":"2016-02-04T14:04:12","guid":{"rendered":"http:\/\/sanktuariummrzyglod.pl\/?page_id=319"},"modified":"2023-09-01T10:33:54","modified_gmt":"2023-09-01T08:33:54","slug":"duszpasterze","status":"publish","type":"page","link":"http:\/\/sanktuariummrzyglod.pl\/?page_id=319","title":{"rendered":"Duszpasterze"},"content":{"rendered":"\n<p class=\"has-text-align-center\"><strong>DUSZPASTERZE<\/strong><\/p>\n\n\n\n<p class=\"has-text-align-center\">Proboszcz Parafii&nbsp; i Kustosz Sanktuarium<\/p>\n\n\n<div class=\"wp-block-image\">\n<figure class=\"aligncenter\"><a href=\"http:\/\/sanktuariummrzyglod.pl\/wp-content\/uploads\/2016\/02\/MOJE-ZDJ\u0118CIE-2.jpg\" rel=\"attachment wp-att-505\"><img loading=\"lazy\" decoding=\"async\" width=\"217\" height=\"300\" src=\"http:\/\/sanktuariummrzyglod.pl\/wp-content\/uploads\/2016\/02\/MOJE-ZDJ\u0118CIE-2-217x300.jpg\" alt=\"MOJE ZDJ\u0118CIE (2)\" class=\"wp-image-505\" srcset=\"http:\/\/sanktuariummrzyglod.pl\/wp-content\/uploads\/2016\/02\/MOJE-ZDJ\u0118CIE-2-217x300.jpg 217w, http:\/\/sanktuariummrzyglod.pl\/wp-content\/uploads\/2016\/02\/MOJE-ZDJ\u0118CIE-2.jpg 360w\" sizes=\"auto, (max-width: 217px) 100vw, 217px\" \/><\/a><\/figure><\/div>\n\n\n<p class=\"has-text-align-center\"><\/p>\n\n\n\n<p class=\"has-text-align-center\"><strong>Ks. Jacek Gancarek<\/strong><\/p>\n\n\n\n<p class=\"has-text-align-center\">(15.02.2011 \u2013 nadal)<\/p>\n\n\n\n<p class=\"has-text-align-center\"><strong>PROBOSZCZOWIE&nbsp; PARAFII&nbsp; MRZYG\u0141\u00d3D<\/strong><\/p>\n\n\n<div class=\"wp-block-image\">\n<figure class=\"aligncenter\"><img loading=\"lazy\" decoding=\"async\" width=\"253\" height=\"300\" src=\"http:\/\/sanktuariummrzyglod.pl\/wp-content\/uploads\/2016\/02\/ks.-Zdzis\u0142\u0105w-Skrzek-253x300.jpg\" alt=\"ks. Zdzis\u0142\u0105w Skrzek\" class=\"wp-image-504\" srcset=\"http:\/\/sanktuariummrzyglod.pl\/wp-content\/uploads\/2016\/02\/ks.-Zdzis\u0142\u0105w-Skrzek-253x300.jpg 253w, http:\/\/sanktuariummrzyglod.pl\/wp-content\/uploads\/2016\/02\/ks.-Zdzis\u0142\u0105w-Skrzek-768x909.jpg 768w, http:\/\/sanktuariummrzyglod.pl\/wp-content\/uploads\/2016\/02\/ks.-Zdzis\u0142\u0105w-Skrzek-865x1024.jpg 865w\" sizes=\"auto, (max-width: 253px) 100vw, 253px\" \/><\/figure><\/div>\n\n\n<p class=\"has-text-align-center\"><\/p>\n\n\n\n<p class=\"has-text-align-center\"><strong>Ks. Pra\u0142at Zdzis\u0142aw Skrzek<\/strong><\/p>\n\n\n\n<p class=\"has-text-align-center\">(Administrator &nbsp;25.03.1983 \u2013 15.01.1985)<\/p>\n\n\n\n<p class=\"has-text-align-center\">(Proboszcz 15.01.1985 &#8211; 14.02.2011)<\/p>\n\n\n<div class=\"wp-block-image\">\n<figure class=\"aligncenter\"><a href=\"http:\/\/sanktuariummrzyglod.pl\/wp-content\/uploads\/2016\/02\/ks.-Jan-Kiwacz.jpg\" rel=\"attachment wp-att-499\"><img loading=\"lazy\" decoding=\"async\" width=\"243\" height=\"300\" src=\"http:\/\/sanktuariummrzyglod.pl\/wp-content\/uploads\/2016\/02\/ks.-Jan-Kiwacz-243x300.jpg\" alt=\"ks. Jan Kiwacz\" class=\"wp-image-499\" srcset=\"http:\/\/sanktuariummrzyglod.pl\/wp-content\/uploads\/2016\/02\/ks.-Jan-Kiwacz-243x300.jpg 243w, http:\/\/sanktuariummrzyglod.pl\/wp-content\/uploads\/2016\/02\/ks.-Jan-Kiwacz-768x948.jpg 768w, http:\/\/sanktuariummrzyglod.pl\/wp-content\/uploads\/2016\/02\/ks.-Jan-Kiwacz-830x1024.jpg 830w, http:\/\/sanktuariummrzyglod.pl\/wp-content\/uploads\/2016\/02\/ks.-Jan-Kiwacz.jpg 2017w\" sizes=\"auto, (max-width: 243px) 100vw, 243px\" \/><\/a><\/figure><\/div>\n\n\n<p class=\"has-text-align-center\"><\/p>\n\n\n\n<p class=\"has-text-align-center\"><strong>Ks. Kanonik Jan Kiwacz<\/strong><\/p>\n\n\n\n<p class=\"has-text-align-center\">(29.09.1967 &#8211; 15.01.1983)<\/p>\n\n\n<div class=\"wp-block-image\">\n<figure class=\"aligncenter\"><a href=\"http:\/\/sanktuariummrzyglod.pl\/wp-content\/uploads\/2016\/02\/ks.-Stanis\u0142aw-Kura\u015b.jpg\" rel=\"attachment wp-att-502\"><img loading=\"lazy\" decoding=\"async\" width=\"248\" height=\"300\" src=\"http:\/\/sanktuariummrzyglod.pl\/wp-content\/uploads\/2016\/02\/ks.-Stanis\u0142aw-Kura\u015b-248x300.jpg\" alt=\"ks. Stanis\u0142aw Kura\u015b\" class=\"wp-image-502\" srcset=\"http:\/\/sanktuariummrzyglod.pl\/wp-content\/uploads\/2016\/02\/ks.-Stanis\u0142aw-Kura\u015b-248x300.jpg 248w, http:\/\/sanktuariummrzyglod.pl\/wp-content\/uploads\/2016\/02\/ks.-Stanis\u0142aw-Kura\u015b-768x929.jpg 768w, http:\/\/sanktuariummrzyglod.pl\/wp-content\/uploads\/2016\/02\/ks.-Stanis\u0142aw-Kura\u015b-847x1024.jpg 847w, http:\/\/sanktuariummrzyglod.pl\/wp-content\/uploads\/2016\/02\/ks.-Stanis\u0142aw-Kura\u015b.jpg 1833w\" sizes=\"auto, (max-width: 248px) 100vw, 248px\" \/><\/a><\/figure><\/div>\n\n\n<p class=\"has-text-align-center\"><\/p>\n\n\n\n<p class=\"has-text-align-center\"><strong>Ks. Kanonik Stanis\u0142aw Kura\u015b<\/strong><\/p>\n\n\n\n<p class=\"has-text-align-center\">(08.05.1945 \u2013 24.05.1967)<\/p>\n\n\n<div class=\"wp-block-image\">\n<figure class=\"aligncenter\"><a href=\"http:\/\/sanktuariummrzyglod.pl\/wp-content\/uploads\/2016\/02\/Ks.-W\u0142adys\u0142aw-Fr\u0105ckiewicz.jpg\" rel=\"attachment wp-att-503\"><img loading=\"lazy\" decoding=\"async\" width=\"230\" height=\"300\" src=\"http:\/\/sanktuariummrzyglod.pl\/wp-content\/uploads\/2016\/02\/Ks.-W\u0142adys\u0142aw-Fr\u0105ckiewicz-230x300.jpg\" alt=\"Ks. W\u0142adys\u0142aw Fr\u0105ckiewicz\" class=\"wp-image-503\" srcset=\"http:\/\/sanktuariummrzyglod.pl\/wp-content\/uploads\/2016\/02\/Ks.-W\u0142adys\u0142aw-Fr\u0105ckiewicz-230x300.jpg 230w, http:\/\/sanktuariummrzyglod.pl\/wp-content\/uploads\/2016\/02\/Ks.-W\u0142adys\u0142aw-Fr\u0105ckiewicz-768x1002.jpg 768w, http:\/\/sanktuariummrzyglod.pl\/wp-content\/uploads\/2016\/02\/Ks.-W\u0142adys\u0142aw-Fr\u0105ckiewicz-785x1024.jpg 785w, http:\/\/sanktuariummrzyglod.pl\/wp-content\/uploads\/2016\/02\/Ks.-W\u0142adys\u0142aw-Fr\u0105ckiewicz.jpg 1889w\" sizes=\"auto, (max-width: 230px) 100vw, 230px\" \/><\/a><\/figure><\/div>\n\n\n<p class=\"has-text-align-center\"><\/p>\n\n\n\n<p class=\"has-text-align-center\"><strong>Ks. W\u0142adys\u0142aw Fr\u0105ckiewicz <\/strong><\/p>\n\n\n\n<p class=\"has-text-align-center\">(01.07.1925- 25.04.1945)<\/p>\n\n\n\n<p class=\"has-text-align-center\"><strong>Ks. Jan Szczepka<\/strong><\/p>\n\n\n\n<p class=\"has-text-align-center\">(31.12.1924 \u2013 15.02.1925)<\/p>\n\n\n<div class=\"wp-block-image\">\n<figure class=\"aligncenter\"><a href=\"http:\/\/sanktuariummrzyglod.pl\/wp-content\/uploads\/2016\/02\/ks.-J\u00f3zef-Kociszewski.jpg\" rel=\"attachment wp-att-500\"><img loading=\"lazy\" decoding=\"async\" width=\"233\" height=\"300\" src=\"http:\/\/sanktuariummrzyglod.pl\/wp-content\/uploads\/2016\/02\/ks.-J\u00f3zef-Kociszewski-233x300.jpg\" alt=\"ks. J\u00f3zef Kociszewski\" class=\"wp-image-500\" srcset=\"http:\/\/sanktuariummrzyglod.pl\/wp-content\/uploads\/2016\/02\/ks.-J\u00f3zef-Kociszewski-233x300.jpg 233w, http:\/\/sanktuariummrzyglod.pl\/wp-content\/uploads\/2016\/02\/ks.-J\u00f3zef-Kociszewski-768x991.jpg 768w, http:\/\/sanktuariummrzyglod.pl\/wp-content\/uploads\/2016\/02\/ks.-J\u00f3zef-Kociszewski-794x1024.jpg 794w, http:\/\/sanktuariummrzyglod.pl\/wp-content\/uploads\/2016\/02\/ks.-J\u00f3zef-Kociszewski.jpg 1985w\" sizes=\"auto, (max-width: 233px) 100vw, 233px\" \/><\/a><\/figure><\/div>\n\n\n<p class=\"has-text-align-center\"><\/p>\n\n\n\n<p class=\"has-text-align-center\"><strong>Ks. J\u00f3zef Kociszewski<\/strong><\/p>\n\n\n\n<p class=\"has-text-align-center\">(31.01.1916 \u2013 31.12.1925)<\/p>\n\n\n\n<p class=\"has-text-align-center\"><strong>Ks. Adam Mickiewicz<\/strong><\/p>\n\n\n\n<p class=\"has-text-align-center\">(22.06.1915 \u201331.01. 1916)<\/p>\n\n\n\n<p class=\"has-text-align-center\"><strong>Ks. Jan Bochenek<\/strong><\/p>\n\n\n\n<p class=\"has-text-align-center\">(22.03.2015 -22.06.2015)<\/p>\n\n\n<div class=\"wp-block-image\">\n<figure class=\"aligncenter\"><a href=\"http:\/\/sanktuariummrzyglod.pl\/wp-content\/uploads\/2016\/02\/ks-Romuald-W\u00f3jcik.jpg\" rel=\"attachment wp-att-498\"><img loading=\"lazy\" decoding=\"async\" width=\"225\" height=\"300\" src=\"http:\/\/sanktuariummrzyglod.pl\/wp-content\/uploads\/2016\/02\/ks-Romuald-W\u00f3jcik-225x300.jpg\" alt=\"ks Romuald W\u00f3jcik\" class=\"wp-image-498\" srcset=\"http:\/\/sanktuariummrzyglod.pl\/wp-content\/uploads\/2016\/02\/ks-Romuald-W\u00f3jcik-225x300.jpg 225w, http:\/\/sanktuariummrzyglod.pl\/wp-content\/uploads\/2016\/02\/ks-Romuald-W\u00f3jcik-768x1026.jpg 768w, http:\/\/sanktuariummrzyglod.pl\/wp-content\/uploads\/2016\/02\/ks-Romuald-W\u00f3jcik-767x1024.jpg 767w, http:\/\/sanktuariummrzyglod.pl\/wp-content\/uploads\/2016\/02\/ks-Romuald-W\u00f3jcik.jpg 1097w\" sizes=\"auto, (max-width: 225px) 100vw, 225px\" \/><\/a><\/figure><\/div>\n\n\n<p class=\"has-text-align-center\"><\/p>\n\n\n\n<p class=\"has-text-align-center\"><strong>Ks. Romuald W\u00f3jcik<\/strong><\/p>\n\n\n\n<p class=\"has-text-align-center\">(14.05.1903 -22.03.1915)<\/p>\n\n\n\n<p class=\"has-text-align-center\"><strong>WIKARIUSZE&nbsp; PARAFII&nbsp; MRZYYG\u0141\u00d3D<\/strong><\/p>\n\n\n\n<p class=\"has-text-align-center\">Wikariusz<\/p>\n\n\n\n<p class=\"has-text-align-center\"><strong>ks. Marek Szczepa\u0144czyk<\/strong><\/p>\n\n\n\n<p class=\"has-text-align-center\"><strong>(01.09.2022 &#8211; nadal)<\/strong><\/p>\n\n\n\n<p class=\"has-text-align-center\">ks. \u0141ukasz Trynda<\/p>\n\n\n\n<p class=\"has-text-align-center\">(1-07.2022 &#8211; 31.08.2022)<\/p>\n\n\n\n<p class=\"has-text-align-center\">ks. Szymon Klimczak<\/p>\n\n\n\n<p class=\"has-text-align-center\">(2020 \u2013 2022)<\/p>\n\n\n\n<p class=\"has-text-align-center\">ks. Piotr Janiec<\/p>\n\n\n\n<p class=\"has-text-align-center\">(2016 \u2013 2020)<\/p>\n\n\n\n<p class=\"has-text-align-center\">Ks. Pawe\u0142 Bil<\/p>\n\n\n\n<p class=\"has-text-align-center\">(2011\u2013 2016)<\/p>\n\n\n\n<p class=\"has-text-align-center\">Ks.&nbsp; Grzegorz Stanula<\/p>\n\n\n\n<p class=\"has-text-align-center\">(2008 \u2013 2011)<\/p>\n\n\n\n<p class=\"has-text-align-center\">Ks. Tomasz Turczyn<\/p>\n\n\n\n<p class=\"has-text-align-center\">(2003 \u2013 2008)<\/p>\n\n\n\n<p class=\"has-text-align-center\">Ks.&nbsp; \u0141ukasz Laskowski<\/p>\n\n\n\n<p class=\"has-text-align-center\">(2001 \u2013 2003)<\/p>\n\n\n\n<p class=\"has-text-align-center\">Ks. Roman Rataj<\/p>\n\n\n\n<p class=\"has-text-align-center\">(1998-2001)<\/p>\n\n\n\n<p class=\"has-text-align-center\">ks. Andrzej Chrzanowski<\/p>\n\n\n\n<p class=\"has-text-align-center\">(1996-1998)<\/p>\n\n\n\n<p class=\"has-text-align-center\">Ks. Remigiusz Lota<\/p>\n\n\n\n<p class=\"has-text-align-center\">(1993 \u2013 1996)<\/p>\n\n\n\n<p class=\"has-text-align-center\">Ks. Andrzej Ryka\u0142a<\/p>\n\n\n\n<p class=\"has-text-align-center\">(1991 -1993)<\/p>\n\n\n\n<p class=\"has-text-align-center\">Ks. Krzysztof Mi\u015bta<\/p>\n\n\n\n<p class=\"has-text-align-center\">(1989 \u2013 1991)<\/p>\n\n\n\n<p class=\"has-text-align-center\">Ks. Gabriel Biskup<\/p>\n\n\n\n<p class=\"has-text-align-center\">(1987 \u2013 1989)<\/p>\n\n\n\n<p class=\"has-text-align-center\">Ks. Andrzej Stasiak<\/p>\n\n\n\n<p class=\"has-text-align-center\">(1982-1983)<\/p>\n\n\n\n<p class=\"has-text-align-center\">Ks. Stanis\u0142aw \u0141adocha<\/p>\n\n\n\n<p class=\"has-text-align-center\">(1980-1982)<\/p>\n\n\n\n<p class=\"has-text-align-center\">Ks. Wojciech Krasowski<\/p>\n\n\n\n<p class=\"has-text-align-center\">(1978-1980)<\/p>\n\n\n\n<p class=\"has-text-align-center\">Ks. Jan Cejn\u00f3g<\/p>\n\n\n\n<p class=\"has-text-align-center\">(1975-1978)<\/p>\n\n\n\n<p class=\"has-text-align-center\">Ks. Andrzej Kubiesa<\/p>\n\n\n\n<p class=\"has-text-align-center\">(1974-1975)<\/p>\n\n\n\n<p class=\"has-text-align-center\">Ks. Mieczys\u0142aw Dyda<\/p>\n\n\n\n<p class=\"has-text-align-center\">(1971-1974)<\/p>\n\n\n\n<p class=\"has-text-align-center\">Ks. Kazimierz Syrek<\/p>\n\n\n\n<p class=\"has-text-align-center\">(1970-1971)<\/p>\n\n\n\n<p class=\"has-text-align-center\">Ks. Edward Czernek<\/p>\n\n\n\n<p class=\"has-text-align-center\">(1965-1970)<\/p>\n\n\n\n<p class=\"has-text-align-center\">Ks. Edward Kosior<\/p>\n\n\n\n<p class=\"has-text-align-center\">(1962-1965)<\/p>\n\n\n\n<p class=\"has-text-align-center\">Ks. Zygmunt Wo\u017aniak<\/p>\n\n\n\n<p class=\"has-text-align-center\">(1960-1962)<\/p>\n\n\n\n<p class=\"has-text-align-center\">Ks. Stanis\u0142aw Wr\u00f3blewski<\/p>\n\n\n\n<p class=\"has-text-align-center\">(1958-1960)<\/p>\n\n\n\n<p class=\"has-text-align-center\">Ks. J\u00f3zef Kruszec<\/p>\n\n\n\n<p class=\"has-text-align-center\">(1956-1958)<\/p>\n\n\n\n<p class=\"has-text-align-center\">Ks. Henryk Wysowski<\/p>\n\n\n\n<p class=\"has-text-align-center\">(1953-1956)<\/p>\n\n\n\n<p class=\"has-text-align-center\"><strong>KAP\u0141ANI POCHODZ\u0104CY Z PARAFII<\/strong><\/p>\n\n\n\n<p class=\"has-text-align-center\">ks. Jan Kurdybelski (1953)<\/p>\n\n\n\n<p class=\"has-text-align-center\">ks. Andrzej Marsza\u0142ek (1979)<\/p>\n\n\n\n<p class=\"has-text-align-center\">ks. Roman Rakowiecki (1978)<\/p>\n\n\n\n<p class=\"has-text-align-center\">ks. Janusz Wielgos (1985)<\/p>\n\n\n\n<p class=\"has-text-align-center\">ks. Marian Leon Koz\u0142owski (1986)<\/p>\n\n\n\n<p class=\"has-text-align-center\">ks. Wojciech Wosik SDB (1988)<\/p>\n\n\n\n<p class=\"has-text-align-center\">ks. Szymon Motylewski (2010)<\/p>\n","protected":false},"excerpt":{"rendered":"<p>DUSZPASTERZE Proboszcz Parafii&nbsp; i Kustosz Sanktuarium Ks. Jacek Gancarek (15.02.2011 \u2013 nadal) PROBOSZCZOWIE&nbsp; PARAFII&nbsp; MRZYG\u0141\u00d3D Ks. Pra\u0142at Zdzis\u0142aw Skrzek (Administrator &nbsp;25.03.1983 \u2013 15.01.1985) (Proboszcz 15.01.1985 &#8211; 14.02.2011) Ks. Kanonik Jan Kiwacz (29.09.1967 &#8211; 15.01.1983) Ks. Kanonik Stanis\u0142aw Kura\u015b (08.05.1945 \u2013 24.05.1967) Ks. W\u0142adys\u0142aw Fr\u0105ckiewicz (01.07.1925- 25.04.1945) Ks. Jan Szczepka (31.12.1924 \u2013 15.02.1925) Ks. J\u00f3zef Kociszewski [&hellip;]<\/p>\n","protected":false},"author":1,"featured_media":0,"parent":0,"menu_order":0,"comment_status":"closed","ping_status":"closed","template":"","meta":{"_acf_changed":false,"footnotes":""},"class_list":["post-319","page","type-page","status-publish","hentry"],"acf":[],"yoast_head":"<!-- This site is optimized with the Yoast SEO plugin v26.3 - https:\/\/yoast.com\/wordpress\/plugins\/seo\/ -->\n<title>Duszpasterze - Sanktuarium Matki Bo\u017cej Mrzyg\u0142odzkiej<\/title>\n<meta name=\"robots\" content=\"index, follow, max-snippet:-1, max-image-preview:large, max-video-preview:-1\" \/>\n<link rel=\"canonical\" href=\"http:\/\/sanktuariummrzyglod.pl\/?page_id=319\" \/>\n<meta property=\"og:locale\" content=\"pl_PL\" \/>\n<meta property=\"og:type\" content=\"article\" \/>\n<meta property=\"og:title\" content=\"Duszpasterze - Sanktuarium Matki Bo\u017cej Mrzyg\u0142odzkiej\" \/>\n<meta property=\"og:description\" content=\"DUSZPASTERZE Proboszcz Parafii&nbsp; i Kustosz Sanktuarium Ks. Jacek Gancarek (15.02.2011 \u2013 nadal) PROBOSZCZOWIE&nbsp; PARAFII&nbsp; MRZYG\u0141\u00d3D Ks. Pra\u0142at Zdzis\u0142aw Skrzek (Administrator &nbsp;25.03.1983 \u2013 15.01.1985) (Proboszcz 15.01.1985 &#8211; 14.02.2011) Ks. Kanonik Jan Kiwacz (29.09.1967 &#8211; 15.01.1983) Ks. Kanonik Stanis\u0142aw Kura\u015b (08.05.1945 \u2013 24.05.1967) Ks. W\u0142adys\u0142aw Fr\u0105ckiewicz (01.07.1925- 25.04.1945) Ks. Jan Szczepka (31.12.1924 \u2013 15.02.1925) Ks. J\u00f3zef Kociszewski [&hellip;]\" \/>\n<meta property=\"og:url\" content=\"http:\/\/sanktuariummrzyglod.pl\/?page_id=319\" \/>\n<meta property=\"og:site_name\" content=\"Sanktuarium Matki Bo\u017cej Mrzyg\u0142odzkiej\" \/>\n<meta property=\"article:modified_time\" content=\"2023-09-01T08:33:54+00:00\" \/>\n<meta property=\"og:image\" content=\"http:\/\/sanktuariummrzyglod.pl\/wp-content\/uploads\/2016\/02\/ks.-Jan-Kiwacz-243x300.jpg\" \/>\n<meta name=\"twitter:card\" content=\"summary_large_image\" \/>\n<meta name=\"twitter:label1\" content=\"Szacowany czas czytania\" \/>\n\t<meta name=\"twitter:data1\" content=\"3 minuty\" \/>\n<script type=\"application\/ld+json\" class=\"yoast-schema-graph\">{\"@context\":\"https:\/\/schema.org\",\"@graph\":[{\"@type\":\"WebPage\",\"@id\":\"http:\/\/sanktuariummrzyglod.pl\/?page_id=319\",\"url\":\"http:\/\/sanktuariummrzyglod.pl\/?page_id=319\",\"name\":\"Duszpasterze - Sanktuarium Matki Bo\u017cej Mrzyg\u0142odzkiej\",\"isPartOf\":{\"@id\":\"http:\/\/sanktuariummrzyglod.pl\/#website\"},\"primaryImageOfPage\":{\"@id\":\"http:\/\/sanktuariummrzyglod.pl\/?page_id=319#primaryimage\"},\"image\":{\"@id\":\"http:\/\/sanktuariummrzyglod.pl\/?page_id=319#primaryimage\"},\"thumbnailUrl\":\"http:\/\/sanktuariummrzyglod.pl\/wp-content\/uploads\/2016\/02\/ks.-Jan-Kiwacz-243x300.jpg\",\"datePublished\":\"2016-02-04T14:04:12+00:00\",\"dateModified\":\"2023-09-01T08:33:54+00:00\",\"breadcrumb\":{\"@id\":\"http:\/\/sanktuariummrzyglod.pl\/?page_id=319#breadcrumb\"},\"inLanguage\":\"pl-PL\",\"potentialAction\":[{\"@type\":\"ReadAction\",\"target\":[\"http:\/\/sanktuariummrzyglod.pl\/?page_id=319\"]}]},{\"@type\":\"ImageObject\",\"inLanguage\":\"pl-PL\",\"@id\":\"http:\/\/sanktuariummrzyglod.pl\/?page_id=319#primaryimage\",\"url\":\"http:\/\/sanktuariummrzyglod.pl\/wp-content\/uploads\/2016\/02\/ks.-Jan-Kiwacz.jpg\",\"contentUrl\":\"http:\/\/sanktuariummrzyglod.pl\/wp-content\/uploads\/2016\/02\/ks.-Jan-Kiwacz.jpg\",\"width\":2017,\"height\":2489},{\"@type\":\"BreadcrumbList\",\"@id\":\"http:\/\/sanktuariummrzyglod.pl\/?page_id=319#breadcrumb\",\"itemListElement\":[{\"@type\":\"ListItem\",\"position\":1,\"name\":\"Strona g\u0142\u00f3wna\",\"item\":\"http:\/\/sanktuariummrzyglod.pl\/\"},{\"@type\":\"ListItem\",\"position\":2,\"name\":\"Duszpasterze\"}]},{\"@type\":\"WebSite\",\"@id\":\"http:\/\/sanktuariummrzyglod.pl\/#website\",\"url\":\"http:\/\/sanktuariummrzyglod.pl\/\",\"name\":\"Sanktuarium Matki Bo\u017cej Mrzyg\u0142odzkiej\",\"description\":\"Kolejna witryna oparta na WordPressie\",\"potentialAction\":[{\"@type\":\"SearchAction\",\"target\":{\"@type\":\"EntryPoint\",\"urlTemplate\":\"http:\/\/sanktuariummrzyglod.pl\/?s={search_term_string}\"},\"query-input\":{\"@type\":\"PropertyValueSpecification\",\"valueRequired\":true,\"valueName\":\"search_term_string\"}}],\"inLanguage\":\"pl-PL\"}]}<\/script>\n<!-- \/ Yoast SEO plugin. -->","yoast_head_json":{"title":"Duszpasterze - Sanktuarium Matki Bo\u017cej Mrzyg\u0142odzkiej","robots":{"index":"index","follow":"follow","max-snippet":"max-snippet:-1","max-image-preview":"max-image-preview:large","max-video-preview":"max-video-preview:-1"},"canonical":"http:\/\/sanktuariummrzyglod.pl\/?page_id=319","og_locale":"pl_PL","og_type":"article","og_title":"Duszpasterze - Sanktuarium Matki Bo\u017cej Mrzyg\u0142odzkiej","og_description":"DUSZPASTERZE Proboszcz Parafii&nbsp; i Kustosz Sanktuarium Ks. Jacek Gancarek (15.02.2011 \u2013 nadal) PROBOSZCZOWIE&nbsp; PARAFII&nbsp; MRZYG\u0141\u00d3D Ks. Pra\u0142at Zdzis\u0142aw Skrzek (Administrator &nbsp;25.03.1983 \u2013 15.01.1985) (Proboszcz 15.01.1985 &#8211; 14.02.2011) Ks. Kanonik Jan Kiwacz (29.09.1967 &#8211; 15.01.1983) Ks. Kanonik Stanis\u0142aw Kura\u015b (08.05.1945 \u2013 24.05.1967) Ks. W\u0142adys\u0142aw Fr\u0105ckiewicz (01.07.1925- 25.04.1945) Ks. Jan Szczepka (31.12.1924 \u2013 15.02.1925) Ks. J\u00f3zef Kociszewski [&hellip;]","og_url":"http:\/\/sanktuariummrzyglod.pl\/?page_id=319","og_site_name":"Sanktuarium Matki Bo\u017cej Mrzyg\u0142odzkiej","article_modified_time":"2023-09-01T08:33:54+00:00","og_image":[{"url":"http:\/\/sanktuariummrzyglod.pl\/wp-content\/uploads\/2016\/02\/ks.-Jan-Kiwacz-243x300.jpg","type":"","width":"","height":""}],"twitter_card":"summary_large_image","twitter_misc":{"Szacowany czas czytania":"3 minuty"},"schema":{"@context":"https:\/\/schema.org","@graph":[{"@type":"WebPage","@id":"http:\/\/sanktuariummrzyglod.pl\/?page_id=319","url":"http:\/\/sanktuariummrzyglod.pl\/?page_id=319","name":"Duszpasterze - Sanktuarium Matki Bo\u017cej Mrzyg\u0142odzkiej","isPartOf":{"@id":"http:\/\/sanktuariummrzyglod.pl\/#website"},"primaryImageOfPage":{"@id":"http:\/\/sanktuariummrzyglod.pl\/?page_id=319#primaryimage"},"image":{"@id":"http:\/\/sanktuariummrzyglod.pl\/?page_id=319#primaryimage"},"thumbnailUrl":"http:\/\/sanktuariummrzyglod.pl\/wp-content\/uploads\/2016\/02\/ks.-Jan-Kiwacz-243x300.jpg","datePublished":"2016-02-04T14:04:12+00:00","dateModified":"2023-09-01T08:33:54+00:00","breadcrumb":{"@id":"http:\/\/sanktuariummrzyglod.pl\/?page_id=319#breadcrumb"},"inLanguage":"pl-PL","potentialAction":[{"@type":"ReadAction","target":["http:\/\/sanktuariummrzyglod.pl\/?page_id=319"]}]},{"@type":"ImageObject","inLanguage":"pl-PL","@id":"http:\/\/sanktuariummrzyglod.pl\/?page_id=319#primaryimage","url":"http:\/\/sanktuariummrzyglod.pl\/wp-content\/uploads\/2016\/02\/ks.-Jan-Kiwacz.jpg","contentUrl":"http:\/\/sanktuariummrzyglod.pl\/wp-content\/uploads\/2016\/02\/ks.-Jan-Kiwacz.jpg","width":2017,"height":2489},{"@type":"BreadcrumbList","@id":"http:\/\/sanktuariummrzyglod.pl\/?page_id=319#breadcrumb","itemListElement":[{"@type":"ListItem","position":1,"name":"Strona g\u0142\u00f3wna","item":"http:\/\/sanktuariummrzyglod.pl\/"},{"@type":"ListItem","position":2,"name":"Duszpasterze"}]},{"@type":"WebSite","@id":"http:\/\/sanktuariummrzyglod.pl\/#website","url":"http:\/\/sanktuariummrzyglod.pl\/","name":"Sanktuarium Matki Bo\u017cej Mrzyg\u0142odzkiej","description":"Kolejna witryna oparta na WordPressie","potentialAction":[{"@type":"SearchAction","target":{"@type":"EntryPoint","urlTemplate":"http:\/\/sanktuariummrzyglod.pl\/?s={search_term_string}"},"query-input":{"@type":"PropertyValueSpecification","valueRequired":true,"valueName":"search_term_string"}}],"inLanguage":"pl-PL"}]}},"_links":{"self":[{"href":"http:\/\/sanktuariummrzyglod.pl\/index.php?rest_route=\/wp\/v2\/pages\/319","targetHints":{"allow":["GET"]}}],"collection":[{"href":"http:\/\/sanktuariummrzyglod.pl\/index.php?rest_route=\/wp\/v2\/pages"}],"about":[{"href":"http:\/\/sanktuariummrzyglod.pl\/index.php?rest_route=\/wp\/v2\/types\/page"}],"author":[{"embeddable":true,"href":"http:\/\/sanktuariummrzyglod.pl\/index.php?rest_route=\/wp\/v2\/users\/1"}],"replies":[{"embeddable":true,"href":"http:\/\/sanktuariummrzyglod.pl\/index.php?rest_route=%2Fwp%2Fv2%2Fcomments&post=319"}],"version-history":[{"count":18,"href":"http:\/\/sanktuariummrzyglod.pl\/index.php?rest_route=\/wp\/v2\/pages\/319\/revisions"}],"predecessor-version":[{"id":3048,"href":"http:\/\/sanktuariummrzyglod.pl\/index.php?rest_route=\/wp\/v2\/pages\/319\/revisions\/3048"}],"wp:attachment":[{"href":"http:\/\/sanktuariummrzyglod.pl\/index.php?rest_route=%2Fwp%2Fv2%2Fmedia&parent=319"}],"curies":[{"name":"wp","href":"https:\/\/api.w.org\/{rel}","templated":true}]}}