{"id":59,"date":"2015-12-22T16:38:20","date_gmt":"2015-12-22T15:38:20","guid":{"rendered":"http:\/\/sanktuariummrzyglod.pl\/v2\/?page_id=59"},"modified":"2016-02-16T13:15:31","modified_gmt":"2016-02-16T12:15:31","slug":"akcja-katolicka","status":"publish","type":"page","link":"http:\/\/sanktuariummrzyglod.pl\/?page_id=59","title":{"rendered":"Akcja Katolicka"},"content":{"rendered":"<p><span style=\"font-weight: 400;\"><a href=\"http:\/\/sanktuariummrzyglod.pl\/wp-content\/uploads\/2015\/12\/ak.jpg\" rel=\"attachment wp-att-471\"><img loading=\"lazy\" decoding=\"async\" class=\"wp-image-471 size-full aligncenter\" src=\"http:\/\/sanktuariummrzyglod.pl\/wp-content\/uploads\/2015\/12\/ak.jpg\" alt=\"ak\" width=\"592\" height=\"153\" srcset=\"http:\/\/sanktuariummrzyglod.pl\/wp-content\/uploads\/2015\/12\/ak.jpg 592w, http:\/\/sanktuariummrzyglod.pl\/wp-content\/uploads\/2015\/12\/ak-300x78.jpg 300w\" sizes=\"auto, (max-width: 592px) 100vw, 592px\" \/><\/a><\/span><span style=\"font-weight: 400;\">Akcja Katolicka jest stowarzyszeniem katolik\u00f3w \u015bwieckich, kt\u00f3rzy -jak g\u0142osi statut &#8211; w zorganizowanej formie wsp\u00f3\u0142pracuj\u0105 z hierarchi\u0105 ko\u015bcieln\u0105 w realizacji apostolskiej misji Ko\u015bcio\u0142a. Jej celem jest m.in. pog\u0142\u0119bianie formacji chrze\u015bcija\u0144skiej, przenikanie warto\u015bciami ewangelicznymi \u017cycia spo\u0142ecznego, kszta\u0142cenie dzia\u0142aczy katolickich i wychowywanie ich do aktywno\u015bci w \u017cyciu publicznym.<\/span><span style=\"font-weight: 400;\"><\/p>\n<p><\/span><\/p>\n<p><span style=\"font-weight: 400;\">Akcja Katolicka zosta\u0142a utworzona na pocz\u0105tku XX wieku, przez papie\u017ca Piusa X. Pocz\u0105tkowo dzia\u0142a\u0142a tylko we W\u0142oszech, p\u00f3\u017aniej tak\u017ce w innych pa\u0144stwach, w Niemczech, Belgii, Francji. W Polsce Akcj\u0119 Katolick\u0105 powo\u0142a\u0142 do \u017cycia w 1930 roku kard. August Hlond. Dzia\u0142alno\u015b\u0107 zosta\u0142a przerwana wybuchem II wojny \u015bwiatowej. Liczba cz\u0142onk\u00f3w organizacji liczy\u0142a w\u00f3wczas 750 ty\u015b. i obejmowa\u0142a m\u0119\u017cczyzn, kobiety, m\u0142odzie\u017c m\u0119sk\u0105 i m\u0142odzie\u017c \u017ce\u0144sk\u0105.<\/span><span style=\"font-weight: 400;\"><\/p>\n<p><\/span><\/p>\n<p><span style=\"font-weight: 400;\">Po wojnie Akcja Katolicka zosta\u0142a reaktywowana 2 maja 1996 roku. Natomiast 21 listopada 1998 roku powo\u0142ano Zarz\u0105d Krajowego Instytutu Akcji Katolickiej. Krajowym asystentem ko\u015bcielnym jest ks. biskup Piotr Jarecki, prezesem pani Halina Szyde\u0142ko. <\/span><span style=\"font-weight: 400;\"><br \/>\n<\/span><span style=\"font-weight: 400;\">Na prze\u0142omie wrze\u015bnia i pa\u017adziernika 1999 r. Akcja Katolicka zosta\u0142a przyj\u0119ta do Mi\u0119dzynarodowej Federacji Akcji Katolickiej (RAC).<\/span><span style=\"font-weight: 400;\"><br \/>\n<\/span><span style=\"font-weight: 400;\">Akcja katolicka w Polsce liczy obecnie ok. 40 000 cz\u0142onk\u00f3w.<\/span><\/p>\n<p class=\"textStyle2_ti\">\n<p><b>AKCJA KATOLICKA W MRZYG\u0141ODZIE<\/b><\/p>\n<p><span style=\"font-weight: 400;\">Pierwsze spotkanie Akcji Katolickiej odby\u0142o si\u0119 w ramach przygotowania do Koronacji Obrazu Matki Bo\u017cej Mrzyg\u0142odzkiej 17 marca 1996 roku o godz. 14.00. By\u0142a to IV niedziela Wielkiego Postu. W tym roku nasz Oddzia\u0142 \u00a0Parafialny Akcji Katolickiej obchodzi 20 rocznic\u0119 swego powstania<\/span><span style=\"font-weight: 400;\"><\/p>\n<p><\/span><\/p>\n<p><b>ZADANIE AKCJI KATOLICKIEJ<\/b><\/p>\n<p><span style=\"font-weight: 400;\">Podstawowym zadaniem Akcji Katolickiej jest praca formacyjna, kt\u00f3ra polega na kszta\u0142towaniu postawy moralnej swoich cz\u0142onk\u00f3w. Nie jest to jednak jej jedyny cel. W swoim dzia\u0142aniu Akcja Katolicka wychodzi na zewn\u0105trz i obejmuje wszystkich ludzi wierz\u0105cych. Chcemy dotrze\u0107 r\u00f3wnie\u017c do tych, kt\u00f3rzy przychodz\u0105 do ko\u015bcio\u0142a tylko z przyzwyczajenia czy tradycji, a zw\u0142aszcza do tych, kt\u00f3rzy s\u0105 zupe\u0142nie poza Ko\u015bcio\u0142em.<\/span><span style=\"font-weight: 400;\"><\/p>\n<p><\/span><\/p>\n<p><span style=\"font-weight: 400;\">Akcja Katolicka ma obejmowa\u0107 wszystkie sfery \u017cycia spo\u0142eczno\u015bci parafialnej. Zadaniem Akcji Katolickiej jest formacja i ukszta\u0142towanie nowego cz\u0142owieka i nowej ludzkiej mentalno\u015bci. Chodzi o to, aby cz\u0142onek Akcji Katolickiej <\/span><b>wiedzia\u0142, \u017ce jest katolikiem w ka\u017cdej chwili swojego \u017cycia, a nie tylko w\u00f3wczas gdy deklaruje swoj\u0105 wiar\u0119 w ko\u015bciele, a potem \u017cyje zupe\u0142nie wed\u0142ug innych zasad. Jeste\u015bmy katolikami zawsze &#8211; i to jest zasadniczy cel. <\/b><\/p>\n<p class=\"textStyle2_ti\">\n<p><span style=\"font-weight: 400;\">Praca formacyjna dokonuje si\u0119 zar\u00f3wno przez wyk\u0142ady, rekolekcje, pielgrzymki jak i przez wsp\u00f3ln\u0105 prac\u0119 na rzecz parafii.<\/span><\/p>\n<p><span style=\"font-weight: 400;\"><br \/>\n<\/span><span style=\"font-weight: 400;\">Jej zadaniem jest apostolstwo poprzedzone wewn\u0119trzn\u0105 przemian\u0105 cz\u0142owieka, czyli troska o kszta\u0142towanie chrze\u015bcija\u0144skiego sumienia. Nasz\u0105 dzia\u0142alno\u015bci\u0105 obejmujemy szeroko poj\u0119t\u0105 prac\u0119 formacyjn\u0105, na kt\u00f3r\u0105 sk\u0142ada si\u0119 o\u017cywienie liturgii, troska o rodzin\u0119 i wychowanie, szacunek dla tradycji i warto\u015bci patriotycznych, historii, upominanie si\u0119 o sprawiedliwe przepisy, je\u015bli chodzi o \u017cycie rodziny. Swoj\u0105 dzia\u0142alno\u015bci\u0105 obejmujemy sfer\u0119 kultury, \u017cycie spo\u0142eczne, polityczne, troszczymy si\u0119 o szerzenie mi\u0142osierdzia chrze\u015bcija\u0144skiego. Nasza praca nad odnow\u0105 moraln\u0105 spo\u0142ecze\u0144stwa polega na przeciwdzia\u0142aniu si\u0119 alkoholizmowi, narkomanii, walce z pornografi\u0105 oraz propagowaniu chrze\u015bcija\u0144skiego modelu rodziny i pozyskanie \u015brodk\u00f3w masowego przekazu dla dzie\u0142a ewangelizacji.<\/span><span style=\"font-weight: 400;\"><\/p>\n<p><\/span><\/p>\n<p><span style=\"font-weight: 400;\">Nawet je\u015bli nie g\u0142osimy Ewangelii, w dos\u0142ownym tego s\u0142owa znaczeniu, pokazujemy, \u017ce kto\u015b mo\u017ce co\u015b zrobi\u0107 dla innych bezinteresownie i to jest wspania\u0142e \u015bwiadectwo postawy chrze\u015bcija\u0144skiej.<\/span><span style=\"font-weight: 400;\"><\/p>\n<p><\/span><\/p>\n<p><span style=\"font-weight: 400;\">Mamy \u015bwiadomo\u015b\u0107, \u017ce jeste\u015bmy odpowiedzialni za Ko\u015bci\u00f3\u0142 w naszym kraju, i \u017ce formacj\u0119 katolickiego sumienia i charakteru powinni\u015bmy realizowa\u0107 na poziomie parafii.<\/span><\/p>\n<p class=\"textStyle2_ti\">\n<p><b>KTO MO\u017bE NALE\u017bE\u0106 DO AKCJI KATOLICKIEJ?<\/b><\/p>\n<p><span style=\"font-weight: 400;\">Do wsp\u00f3lnoty Akcji Katolickiej mo\u017ce nale\u017ce\u0107 ka\u017cdy, kto chce s\u0142u\u017cy\u0107 Bogu i ludziom.<\/span><\/p>\n<p class=\"textStyle2_ti\">\n<p><b>KIEDY ODBYWAJ\u0104 SI\u0118 SPOTKANIA?<\/b><\/p>\n<p class=\"textStyle2_ti\">\n<p><span style=\"font-weight: 400;\">Spotkania formacyjne Akcji Katolickiej w naszej parafii odbywaj\u0105 si\u0119 raz w miesi\u0105cu w III \u015brody miesi\u0105ca.<\/span><\/p>\n<p><span style=\"font-weight: 400;\">Pocz\u0105tek spotkania:<\/span><\/p>\n<p><span style=\"font-weight: 400;\">Msza \u015bw. w intencji cz\u0142onk\u00f3w Akcji o 17.30, potem spotkanie formacyjne na plebanii.<\/span><\/p>\n<p class=\"textStyle2_ti\">\n<p><b>DZIA\u0141ANIA AKCJI KATOLICKIEJ W PARAFII<\/b><\/p>\n<p class=\"textStyle2_ti\">\n<p><span style=\"font-weight: 400;\">Troska o rozw\u00f3j duchowy, siebie, rodziny i parafii <\/span><\/p>\n<p><span style=\"font-weight: 400;\">Festyn Parafialny<\/span><\/p>\n<p><span style=\"font-weight: 400;\">Pielgrzymka K\u00f3\u0142 R\u00f3\u017ca\u0144cowych<\/span><\/p>\n<p><span style=\"font-weight: 400;\">Parafialne Spotkanie Op\u0142atkowe<\/span><\/p>\n<p><span style=\"font-weight: 400;\">Czuwania modlitewne<\/span><\/p>\n<p><span style=\"font-weight: 400;\">R\u00f3\u017cne dzia\u0142ania na rzecz parafii<\/span><\/p>\n<p class=\"textStyle2_ti\">\n<p><b>ZARZ\u0104D \u00a0NASZEJ \u00a0AKCJI \u00a0KATOLICKIEJ<\/b><\/p>\n<ol>\n<li style=\"font-weight: 400;\"><span style=\"font-weight: 400;\">Ilona BA\u0143SKA \u2013 Prezes <\/span><\/li>\n<li style=\"font-weight: 400;\"><span style=\"font-weight: 400;\">Beata Kondas \u2013 V-Prezes<\/span><\/li>\n<li style=\"font-weight: 400;\"><span style=\"font-weight: 400;\">Zofia Bulska &#8211; Skarbnik<\/span><\/li>\n<\/ol>\n<p class=\"textStyle2_ti\">\n<p><b>CZ\u0141ONKOWIE PARAFIALNEGO ODDZIA\u0141U AKCJI KATOLICKIEJ<\/b><\/p>\n<p class=\"textStyle2_ti\">\n<ol>\n<li style=\"font-weight: 400;\"><span style=\"font-weight: 400;\">Ba\u0144ska Iwona<\/span><\/li>\n<li style=\"font-weight: 400;\"><span style=\"font-weight: 400;\">Bulska Anna<\/span><\/li>\n<li style=\"font-weight: 400;\"><span style=\"font-weight: 400;\">Bulska Zofia<\/span><\/li>\n<li style=\"font-weight: 400;\"><span style=\"font-weight: 400;\">Bu\u0142a Beata<\/span><\/li>\n<li style=\"font-weight: 400;\"><span style=\"font-weight: 400;\">Bu\u0142a Gra\u017cyna<\/span><\/li>\n<li style=\"font-weight: 400;\"><span style=\"font-weight: 400;\">Cis Joanna<\/span><\/li>\n<li style=\"font-weight: 400;\"><span style=\"font-weight: 400;\">Gabry\u015b Darek<\/span><\/li>\n<li style=\"font-weight: 400;\"><span style=\"font-weight: 400;\">Gabry\u015b Gra\u017cyna<\/span><\/li>\n<li style=\"font-weight: 400;\"><span style=\"font-weight: 400;\">Goc Wioletta<\/span><\/li>\n<li style=\"font-weight: 400;\"><span style=\"font-weight: 400;\"> Go\u0142da Jadwiga<\/span><\/li>\n<li style=\"font-weight: 400;\"><span style=\"font-weight: 400;\">Jakubowska Ma\u0142gorzata<\/span><\/li>\n<li style=\"font-weight: 400;\"><span style=\"font-weight: 400;\">Jakubowski Kazimierz<\/span><\/li>\n<li style=\"font-weight: 400;\"><span style=\"font-weight: 400;\">Jurczyk Katarzyna<\/span><\/li>\n<li style=\"font-weight: 400;\"><span style=\"font-weight: 400;\">Kondas Beata<\/span><\/li>\n<li style=\"font-weight: 400;\"><span style=\"font-weight: 400;\">Machura Bonifacy<\/span><\/li>\n<li style=\"font-weight: 400;\"><span style=\"font-weight: 400;\">Malczewska Anna<\/span><\/li>\n<li style=\"font-weight: 400;\"><span style=\"font-weight: 400;\">Malczewski Miros\u0142aw<\/span><\/li>\n<li style=\"font-weight: 400;\"><span style=\"font-weight: 400;\">Szymocha Lidia<\/span><\/li>\n<li style=\"font-weight: 400;\"><span style=\"font-weight: 400;\">W\u00f3jcik Gabriela <\/span><\/li>\n<li style=\"font-weight: 400;\"><span style=\"font-weight: 400;\">W\u00f3jcik Grzegorz<\/span><\/li>\n<\/ol>\n<p class=\"textStyle2_ti\">\n<p><span style=\"font-weight: 400;\">Kandydatka<\/span><\/p>\n<ol>\n<li style=\"font-weight: 400;\"><span style=\"font-weight: 400;\">Marsza\u0142ek Katarzyna<\/span><\/li>\n<\/ol>\n<p class=\"textStyle2_ti\">\n","protected":false},"excerpt":{"rendered":"<p>Akcja Katolicka jest stowarzyszeniem katolik\u00f3w \u015bwieckich, kt\u00f3rzy -jak g\u0142osi statut &#8211; w zorganizowanej formie wsp\u00f3\u0142pracuj\u0105 z hierarchi\u0105 ko\u015bcieln\u0105 w realizacji apostolskiej misji Ko\u015bcio\u0142a. Jej celem jest m.in. pog\u0142\u0119bianie formacji chrze\u015bcija\u0144skiej, przenikanie warto\u015bciami ewangelicznymi \u017cycia spo\u0142ecznego, kszta\u0142cenie dzia\u0142aczy katolickich i wychowywanie ich do aktywno\u015bci w \u017cyciu publicznym. Akcja Katolicka zosta\u0142a utworzona na pocz\u0105tku XX wieku, przez [&hellip;]<\/p>\n","protected":false},"author":1,"featured_media":0,"parent":0,"menu_order":0,"comment_status":"closed","ping_status":"closed","template":"","meta":{"_acf_changed":false,"footnotes":""},"class_list":["post-59","page","type-page","status-publish","hentry"],"acf":[],"yoast_head":"<!-- This site is optimized with the Yoast SEO plugin v26.3 - https:\/\/yoast.com\/wordpress\/plugins\/seo\/ -->\n<title>Akcja Katolicka - Sanktuarium Matki Bo\u017cej Mrzyg\u0142odzkiej<\/title>\n<meta name=\"robots\" content=\"index, follow, max-snippet:-1, max-image-preview:large, max-video-preview:-1\" \/>\n<link rel=\"canonical\" href=\"http:\/\/sanktuariummrzyglod.pl\/?page_id=59\" \/>\n<meta property=\"og:locale\" content=\"pl_PL\" \/>\n<meta property=\"og:type\" content=\"article\" \/>\n<meta property=\"og:title\" content=\"Akcja Katolicka - Sanktuarium Matki Bo\u017cej Mrzyg\u0142odzkiej\" \/>\n<meta property=\"og:description\" content=\"Akcja Katolicka jest stowarzyszeniem katolik\u00f3w \u015bwieckich, kt\u00f3rzy -jak g\u0142osi statut &#8211; w zorganizowanej formie wsp\u00f3\u0142pracuj\u0105 z hierarchi\u0105 ko\u015bcieln\u0105 w realizacji apostolskiej misji Ko\u015bcio\u0142a. Jej celem jest m.in. pog\u0142\u0119bianie formacji chrze\u015bcija\u0144skiej, przenikanie warto\u015bciami ewangelicznymi \u017cycia spo\u0142ecznego, kszta\u0142cenie dzia\u0142aczy katolickich i wychowywanie ich do aktywno\u015bci w \u017cyciu publicznym. Akcja Katolicka zosta\u0142a utworzona na pocz\u0105tku XX wieku, przez [&hellip;]\" \/>\n<meta property=\"og:url\" content=\"http:\/\/sanktuariummrzyglod.pl\/?page_id=59\" \/>\n<meta property=\"og:site_name\" content=\"Sanktuarium Matki Bo\u017cej Mrzyg\u0142odzkiej\" \/>\n<meta property=\"article:modified_time\" content=\"2016-02-16T12:15:31+00:00\" \/>\n<meta property=\"og:image\" content=\"http:\/\/sanktuariummrzyglod.pl\/wp-content\/uploads\/2015\/12\/ak.jpg\" \/>\n<meta name=\"twitter:card\" content=\"summary_large_image\" \/>\n<meta name=\"twitter:label1\" content=\"Szacowany czas czytania\" \/>\n\t<meta name=\"twitter:data1\" content=\"4 minuty\" \/>\n<script type=\"application\/ld+json\" class=\"yoast-schema-graph\">{\"@context\":\"https:\/\/schema.org\",\"@graph\":[{\"@type\":\"WebPage\",\"@id\":\"http:\/\/sanktuariummrzyglod.pl\/?page_id=59\",\"url\":\"http:\/\/sanktuariummrzyglod.pl\/?page_id=59\",\"name\":\"Akcja Katolicka - Sanktuarium Matki Bo\u017cej Mrzyg\u0142odzkiej\",\"isPartOf\":{\"@id\":\"http:\/\/sanktuariummrzyglod.pl\/#website\"},\"primaryImageOfPage\":{\"@id\":\"http:\/\/sanktuariummrzyglod.pl\/?page_id=59#primaryimage\"},\"image\":{\"@id\":\"http:\/\/sanktuariummrzyglod.pl\/?page_id=59#primaryimage\"},\"thumbnailUrl\":\"http:\/\/sanktuariummrzyglod.pl\/wp-content\/uploads\/2015\/12\/ak.jpg\",\"datePublished\":\"2015-12-22T15:38:20+00:00\",\"dateModified\":\"2016-02-16T12:15:31+00:00\",\"breadcrumb\":{\"@id\":\"http:\/\/sanktuariummrzyglod.pl\/?page_id=59#breadcrumb\"},\"inLanguage\":\"pl-PL\",\"potentialAction\":[{\"@type\":\"ReadAction\",\"target\":[\"http:\/\/sanktuariummrzyglod.pl\/?page_id=59\"]}]},{\"@type\":\"ImageObject\",\"inLanguage\":\"pl-PL\",\"@id\":\"http:\/\/sanktuariummrzyglod.pl\/?page_id=59#primaryimage\",\"url\":\"http:\/\/sanktuariummrzyglod.pl\/wp-content\/uploads\/2015\/12\/ak.jpg\",\"contentUrl\":\"http:\/\/sanktuariummrzyglod.pl\/wp-content\/uploads\/2015\/12\/ak.jpg\"},{\"@type\":\"BreadcrumbList\",\"@id\":\"http:\/\/sanktuariummrzyglod.pl\/?page_id=59#breadcrumb\",\"itemListElement\":[{\"@type\":\"ListItem\",\"position\":1,\"name\":\"Strona g\u0142\u00f3wna\",\"item\":\"http:\/\/sanktuariummrzyglod.pl\/\"},{\"@type\":\"ListItem\",\"position\":2,\"name\":\"Akcja Katolicka\"}]},{\"@type\":\"WebSite\",\"@id\":\"http:\/\/sanktuariummrzyglod.pl\/#website\",\"url\":\"http:\/\/sanktuariummrzyglod.pl\/\",\"name\":\"Sanktuarium Matki Bo\u017cej Mrzyg\u0142odzkiej\",\"description\":\"Kolejna witryna oparta na WordPressie\",\"potentialAction\":[{\"@type\":\"SearchAction\",\"target\":{\"@type\":\"EntryPoint\",\"urlTemplate\":\"http:\/\/sanktuariummrzyglod.pl\/?s={search_term_string}\"},\"query-input\":{\"@type\":\"PropertyValueSpecification\",\"valueRequired\":true,\"valueName\":\"search_term_string\"}}],\"inLanguage\":\"pl-PL\"}]}<\/script>\n<!-- \/ Yoast SEO plugin. -->","yoast_head_json":{"title":"Akcja Katolicka - Sanktuarium Matki Bo\u017cej Mrzyg\u0142odzkiej","robots":{"index":"index","follow":"follow","max-snippet":"max-snippet:-1","max-image-preview":"max-image-preview:large","max-video-preview":"max-video-preview:-1"},"canonical":"http:\/\/sanktuariummrzyglod.pl\/?page_id=59","og_locale":"pl_PL","og_type":"article","og_title":"Akcja Katolicka - Sanktuarium Matki Bo\u017cej Mrzyg\u0142odzkiej","og_description":"Akcja Katolicka jest stowarzyszeniem katolik\u00f3w \u015bwieckich, kt\u00f3rzy -jak g\u0142osi statut &#8211; w zorganizowanej formie wsp\u00f3\u0142pracuj\u0105 z hierarchi\u0105 ko\u015bcieln\u0105 w realizacji apostolskiej misji Ko\u015bcio\u0142a. Jej celem jest m.in. pog\u0142\u0119bianie formacji chrze\u015bcija\u0144skiej, przenikanie warto\u015bciami ewangelicznymi \u017cycia spo\u0142ecznego, kszta\u0142cenie dzia\u0142aczy katolickich i wychowywanie ich do aktywno\u015bci w \u017cyciu publicznym. Akcja Katolicka zosta\u0142a utworzona na pocz\u0105tku XX wieku, przez [&hellip;]","og_url":"http:\/\/sanktuariummrzyglod.pl\/?page_id=59","og_site_name":"Sanktuarium Matki Bo\u017cej Mrzyg\u0142odzkiej","article_modified_time":"2016-02-16T12:15:31+00:00","og_image":[{"url":"http:\/\/sanktuariummrzyglod.pl\/wp-content\/uploads\/2015\/12\/ak.jpg","type":"","width":"","height":""}],"twitter_card":"summary_large_image","twitter_misc":{"Szacowany czas czytania":"4 minuty"},"schema":{"@context":"https:\/\/schema.org","@graph":[{"@type":"WebPage","@id":"http:\/\/sanktuariummrzyglod.pl\/?page_id=59","url":"http:\/\/sanktuariummrzyglod.pl\/?page_id=59","name":"Akcja Katolicka - Sanktuarium Matki Bo\u017cej Mrzyg\u0142odzkiej","isPartOf":{"@id":"http:\/\/sanktuariummrzyglod.pl\/#website"},"primaryImageOfPage":{"@id":"http:\/\/sanktuariummrzyglod.pl\/?page_id=59#primaryimage"},"image":{"@id":"http:\/\/sanktuariummrzyglod.pl\/?page_id=59#primaryimage"},"thumbnailUrl":"http:\/\/sanktuariummrzyglod.pl\/wp-content\/uploads\/2015\/12\/ak.jpg","datePublished":"2015-12-22T15:38:20+00:00","dateModified":"2016-02-16T12:15:31+00:00","breadcrumb":{"@id":"http:\/\/sanktuariummrzyglod.pl\/?page_id=59#breadcrumb"},"inLanguage":"pl-PL","potentialAction":[{"@type":"ReadAction","target":["http:\/\/sanktuariummrzyglod.pl\/?page_id=59"]}]},{"@type":"ImageObject","inLanguage":"pl-PL","@id":"http:\/\/sanktuariummrzyglod.pl\/?page_id=59#primaryimage","url":"http:\/\/sanktuariummrzyglod.pl\/wp-content\/uploads\/2015\/12\/ak.jpg","contentUrl":"http:\/\/sanktuariummrzyglod.pl\/wp-content\/uploads\/2015\/12\/ak.jpg"},{"@type":"BreadcrumbList","@id":"http:\/\/sanktuariummrzyglod.pl\/?page_id=59#breadcrumb","itemListElement":[{"@type":"ListItem","position":1,"name":"Strona g\u0142\u00f3wna","item":"http:\/\/sanktuariummrzyglod.pl\/"},{"@type":"ListItem","position":2,"name":"Akcja Katolicka"}]},{"@type":"WebSite","@id":"http:\/\/sanktuariummrzyglod.pl\/#website","url":"http:\/\/sanktuariummrzyglod.pl\/","name":"Sanktuarium Matki Bo\u017cej Mrzyg\u0142odzkiej","description":"Kolejna witryna oparta na WordPressie","potentialAction":[{"@type":"SearchAction","target":{"@type":"EntryPoint","urlTemplate":"http:\/\/sanktuariummrzyglod.pl\/?s={search_term_string}"},"query-input":{"@type":"PropertyValueSpecification","valueRequired":true,"valueName":"search_term_string"}}],"inLanguage":"pl-PL"}]}},"_links":{"self":[{"href":"http:\/\/sanktuariummrzyglod.pl\/index.php?rest_route=\/wp\/v2\/pages\/59","targetHints":{"allow":["GET"]}}],"collection":[{"href":"http:\/\/sanktuariummrzyglod.pl\/index.php?rest_route=\/wp\/v2\/pages"}],"about":[{"href":"http:\/\/sanktuariummrzyglod.pl\/index.php?rest_route=\/wp\/v2\/types\/page"}],"author":[{"embeddable":true,"href":"http:\/\/sanktuariummrzyglod.pl\/index.php?rest_route=\/wp\/v2\/users\/1"}],"replies":[{"embeddable":true,"href":"http:\/\/sanktuariummrzyglod.pl\/index.php?rest_route=%2Fwp%2Fv2%2Fcomments&post=59"}],"version-history":[{"count":3,"href":"http:\/\/sanktuariummrzyglod.pl\/index.php?rest_route=\/wp\/v2\/pages\/59\/revisions"}],"predecessor-version":[{"id":472,"href":"http:\/\/sanktuariummrzyglod.pl\/index.php?rest_route=\/wp\/v2\/pages\/59\/revisions\/472"}],"wp:attachment":[{"href":"http:\/\/sanktuariummrzyglod.pl\/index.php?rest_route=%2Fwp%2Fv2%2Fmedia&parent=59"}],"curies":[{"name":"wp","href":"https:\/\/api.w.org\/{rel}","templated":true}]}}